{"id":488,"date":"2023-09-27T13:44:41","date_gmt":"2023-09-27T11:44:41","guid":{"rendered":"http:\/\/kunstpoint.com\/?page_id=488"},"modified":"2023-11-13T02:05:28","modified_gmt":"2023-11-13T01:05:28","slug":"leopold-museum-wien","status":"publish","type":"page","link":"http:\/\/kunstpoint.com\/?page_id=488","title":{"rendered":"Leopold Museum \/ Expertenmeinungen"},"content":{"rendered":"\n<p>&#8212;&#8212;&#8212;&#8212;&#8212;&#8212;&#8212;&#8212;&#8212;&#8212;&#8212;&#8212;&#8212;&#8212;&#8212;&#8212;&#8212;&#8212;&#8212;&#8212;&#8212;&#8212;&#8212;&#8212;&#8212;&#8212;&#8212;&#8212;&#8212;&#8212;&#8212;&#8212;&#8212;&#8212;<\/p>\n\n\n\n<p>&#8222;<strong><em>Lieber Herr B\u00fcbl,<\/em><\/strong><\/p>\n\n\n\n<p><strong><em>Ihr Projekt ist sehr faszinierend und ber\u00fchrend, schnitzen Sie weiter!<\/em><\/strong>&#8222;<\/p>\n\n\n\n<p><strong><em>Mit herzlichen Gr\u00fc\u00dfen<\/em><\/strong><\/p>\n\n\n\n<p><strong><em>Elisabeth Leopold<\/em><\/strong><\/p>\n\n\n\n<p>&#8212;&#8212;&#8212;&#8212;&#8212;&#8212;&#8212;&#8212;&#8212;&#8212;&#8212;&#8212;&#8212;&#8212;&#8212;&#8212;&#8212;&#8212;&#8212;&#8212;&#8212;&#8212;&#8212;&#8212;&#8212;&#8212;&#8212;&#8212;&#8212;&#8212;&#8212;&#8212;&#8212;&#8212;&#8212;&#8212;&#8212;<\/p>\n\n\n\n<p><em>Vielen lieben  Dank an  Dr. Elisabeth Leopold, Kuratorin des weltber\u00fchmten Leopold Museum. August 2023 <\/em><\/p>\n\n\n\n<figure class=\"wp-block-image\"><img loading=\"lazy\" decoding=\"async\" width=\"1248\" height=\"1664\" src=\"http:\/\/kunstpoint.com\/wp-content\/uploads\/2023\/09\/leopoldmuseum-hackenmann.jpg\" alt=\"Der Ha(c)kenmann vor dem Leopoldmuseum in Wien\" class=\"wp-image-489\" srcset=\"http:\/\/kunstpoint.com\/wp-content\/uploads\/2023\/09\/leopoldmuseum-hackenmann.jpg 1248w, http:\/\/kunstpoint.com\/wp-content\/uploads\/2023\/09\/leopoldmuseum-hackenmann-225x300.jpg 225w, http:\/\/kunstpoint.com\/wp-content\/uploads\/2023\/09\/leopoldmuseum-hackenmann-768x1024.jpg 768w, http:\/\/kunstpoint.com\/wp-content\/uploads\/2023\/09\/leopoldmuseum-hackenmann-1152x1536.jpg 1152w\" sizes=\"auto, (max-width: 1248px) 100vw, 1248px\" \/><figcaption class=\"wp-element-caption\">Der Ha(c)kenmann vor dem Leopoldmuseum in Wien<\/figcaption><\/figure>\n\n\n\n<p> <\/p>\n\n\n\n<figure class=\"wp-block-image\"><img loading=\"lazy\" decoding=\"async\" width=\"1248\" height=\"1664\" src=\"http:\/\/kunstpoint.com\/wp-content\/uploads\/2023\/09\/leopoldmuseum-hackenmann-buebl.jpg\" alt=\"Hackenmann, Leopold Museum und B\u00fcbl \" class=\"wp-image-493\" srcset=\"http:\/\/kunstpoint.com\/wp-content\/uploads\/2023\/09\/leopoldmuseum-hackenmann-buebl.jpg 1248w, http:\/\/kunstpoint.com\/wp-content\/uploads\/2023\/09\/leopoldmuseum-hackenmann-buebl-225x300.jpg 225w, http:\/\/kunstpoint.com\/wp-content\/uploads\/2023\/09\/leopoldmuseum-hackenmann-buebl-768x1024.jpg 768w, http:\/\/kunstpoint.com\/wp-content\/uploads\/2023\/09\/leopoldmuseum-hackenmann-buebl-1152x1536.jpg 1152w\" sizes=\"auto, (max-width: 1248px) 100vw, 1248px\" \/><figcaption class=\"wp-element-caption\">Der K\u00fcnstler mit seiner Figur &#8222;Ha(c)kenmann vor dem Leopoldmuseum in Wien<\/figcaption><\/figure>\n\n\n\n<p><\/p>\n\n\n\n<blockquote class=\"wp-block-quote is-layout-flow wp-block-quote-is-layout-flow\">\n<hr class=\"wp-block-separator has-alpha-channel-opacity\"\/>\n<\/blockquote>\n\n\n\n<p><\/p>\n\n\n\n<h2 class=\"wp-block-heading\">Claudia Primavesi: <\/h2>\n\n\n\n<p>Ich sa\u00df mit Claudia Primavesi auf einer Bank am kleinen See in der N\u00e4he Ihres Arkadenhofs  als sie eine meiner Holzskulptur genau begutachtete. Nach einer kurzen Weile sagte sie: <em>&#8222;Michael, deine Figuren sind beindruckend! Verkaufe sie ja nicht unterm Wert!&#8220;<\/em><\/p>\n\n\n\n<p>Die Familie Primavesi war die F\u00f6rderfamilie von Gustav Klimt und einer der einflussreichsten Kunstversteher-Dynastien des Jahrhunderts. Ohne Fam. Primavesi w\u00e4re  Gustav Klimt und Anton Hanak unentdeckt geblieben.<\/p>\n\n\n\n<hr class=\"wp-block-separator has-alpha-channel-opacity\"\/>\n\n\n\n<figure class=\"wp-block-image size-full\"><img loading=\"lazy\" decoding=\"async\" width=\"517\" height=\"700\" src=\"http:\/\/kunstpoint.com\/wp-content\/uploads\/2023\/11\/maeda-primavesi.jpg\" alt=\"M\u00e4da Primavesi war die Gro\u00dfmutter von Claudia Primavesi, einer Du-Freundin von Michael B\u00fcbl\" class=\"wp-image-529\" srcset=\"http:\/\/kunstpoint.com\/wp-content\/uploads\/2023\/11\/maeda-primavesi.jpg 517w, http:\/\/kunstpoint.com\/wp-content\/uploads\/2023\/11\/maeda-primavesi-222x300.jpg 222w\" sizes=\"auto, (max-width: 517px) 100vw, 517px\" \/><figcaption class=\"wp-element-caption\"><strong>M\u00e4da Primavesi, gemalt von Gustav Klimt, war die Gro\u00dfmutter von Claudia Primavesi. Claudia Primavesi ist eine &#8222;Per-Du-Freundin&#8220; von Michael B\u00fcbl<\/strong><\/figcaption><\/figure>\n\n\n\n<p>Hier die Story hinter Gustav Klimt und der Familie Primavesi: <\/p>\n\n\n\n<p><a href=\"https:\/\/www.huffpost.com\/entry\/gustav-klimt-portrait-of-mada-primavesi_n_57f567d0e4b002a731209c31\">https:\/\/www.huffpost.com\/entry\/gustav-klimt-portrait-of-mada-primavesi_n_57f567d0e4b002a731209c31<\/a><\/p>\n\n\n\n<a href \"https:\/\/www.amazon.de\/Familie-Primavesi-K%C3%BCnstler-Hanak-Hoffmann\/dp\/3200000821\/ref=sr_1_5?__mk_de_DE=%C3%85M%C3%85%C5%BD%C3%95%C3%91&#038;crid=2H0H1P0Q0QQDF&#038;keywords=claudia+Klein-Primavesi&#038;qid=1699801893&#038;sprefix=claudia+klein-primavesi%2Caps%2C111&#038;sr=8-5\">Hier geht es zum Buch: Die Familie Primavesi und die K\u00fcnstler Hanak, Hoffmann, Klimt: 100 Jahre Wiener Werkst\u00e4tte<\/a>\n\n\n\n<h2 class=\"wp-block-heading\"><\/h2>\n","protected":false},"excerpt":{"rendered":"<p>&#8212;&#8212;&#8212;&#8212;&#8212;&#8212;&#8212;&#8212;&#8212;&#8212;&#8212;&#8212;&#8212;&#8212;&#8212;&#8212;&#8212;&#8212;&#8212;&#8212;&#8212;&#8212;&#8212;&#8212;&#8212;&#8212;&#8212;&#8212;&#8212;&#8212;&#8212;&#8212;&#8212;&#8212; &#8222;Lieber Herr B\u00fcbl, Ihr Projekt ist sehr faszinierend und ber\u00fchrend, schnitzen Sie weiter!&#8222; Mit herzlichen Gr\u00fc\u00dfen Elisabeth Leopold &#8212;&#8212;&#8212;&#8212;&#8212;&#8212;&#8212;&#8212;&#8212;&#8212;&#8212;&#8212;&#8212;&#8212;&#8212;&#8212;&#8212;&#8212;&#8212;&#8212;&#8212;&#8212;&#8212;&#8212;&#8212;&#8212;&#8212;&#8212;&#8212;&#8212;&#8212;&#8212;&#8212;&#8212;&#8212;&#8212;&#8212; Vielen lieben Dank an Dr. Elisabeth Leopold, Kuratorin des weltber\u00fchmten Leopold Museum. August 2023 Claudia Primavesi: Ich sa\u00df mit Claudia &hellip; <a href=\"http:\/\/kunstpoint.com\/?page_id=488\">Continue reading <span class=\"meta-nav\">&rarr;<\/span><\/a><\/p>\n","protected":false},"author":1,"featured_media":0,"parent":0,"menu_order":0,"comment_status":"closed","ping_status":"closed","template":"","meta":{"footnotes":""},"class_list":["post-488","page","type-page","status-publish","hentry"],"_links":{"self":[{"href":"http:\/\/kunstpoint.com\/index.php?rest_route=\/wp\/v2\/pages\/488","targetHints":{"allow":["GET"]}}],"collection":[{"href":"http:\/\/kunstpoint.com\/index.php?rest_route=\/wp\/v2\/pages"}],"about":[{"href":"http:\/\/kunstpoint.com\/index.php?rest_route=\/wp\/v2\/types\/page"}],"author":[{"embeddable":true,"href":"http:\/\/kunstpoint.com\/index.php?rest_route=\/wp\/v2\/users\/1"}],"replies":[{"embeddable":true,"href":"http:\/\/kunstpoint.com\/index.php?rest_route=%2Fwp%2Fv2%2Fcomments&post=488"}],"version-history":[{"count":19,"href":"http:\/\/kunstpoint.com\/index.php?rest_route=\/wp\/v2\/pages\/488\/revisions"}],"predecessor-version":[{"id":541,"href":"http:\/\/kunstpoint.com\/index.php?rest_route=\/wp\/v2\/pages\/488\/revisions\/541"}],"wp:attachment":[{"href":"http:\/\/kunstpoint.com\/index.php?rest_route=%2Fwp%2Fv2%2Fmedia&parent=488"}],"curies":[{"name":"wp","href":"https:\/\/api.w.org\/{rel}","templated":true}]}}